{"id":251,"date":"2019-10-22T13:41:07","date_gmt":"2019-10-22T13:41:07","guid":{"rendered":"http:\/\/www.sonorensemble.fi\/?page_id=251"},"modified":"2019-12-17T07:20:14","modified_gmt":"2019-12-17T07:20:14","slug":"uutisia","status":"publish","type":"page","link":"https:\/\/www.sonorensemble.fi\/index.php\/uutisia\/","title":{"rendered":"Uutisia"},"content":{"rendered":"\t\t<div data-elementor-type=\"wp-page\" data-elementor-id=\"251\" class=\"elementor elementor-251\" data-elementor-post-type=\"page\">\n\t\t\t\t\t\t<section class=\"elementor-section elementor-top-section elementor-element elementor-element-627ba14 elementor-section-stretched elementor-section-height-min-height elementor-section-items-bottom elementor-section-full_width elementor-section-height-default\" data-id=\"627ba14\" data-element_type=\"section\" data-e-type=\"section\" data-settings=\"{&quot;background_background&quot;:&quot;classic&quot;,&quot;stretch_section&quot;:&quot;section-stretched&quot;}\">\n\t\t\t\t\t\t<div class=\"elementor-container elementor-column-gap-default\">\n\t\t\t\t\t<div class=\"elementor-column elementor-col-100 elementor-top-column elementor-element elementor-element-f7c43bf\" data-id=\"f7c43bf\" data-element_type=\"column\" data-e-type=\"column\">\n\t\t\t<div class=\"elementor-widget-wrap elementor-element-populated\">\n\t\t\t\t\t\t<div class=\"elementor-element elementor-element-fccd32b elementor-widget elementor-widget-heading\" data-id=\"fccd32b\" data-element_type=\"widget\" data-e-type=\"widget\" data-widget_type=\"heading.default\">\n\t\t\t\t<div class=\"elementor-widget-container\">\n\t\t\t\t\t<h1 class=\"elementor-heading-title elementor-size-default\">\nUutisia<\/h1>\t\t\t\t<\/div>\n\t\t\t\t<\/div>\n\t\t\t\t<div class=\"elementor-element elementor-element-85dee26 elementor-widget elementor-widget-spacer\" data-id=\"85dee26\" data-element_type=\"widget\" data-e-type=\"widget\" data-widget_type=\"spacer.default\">\n\t\t\t\t<div class=\"elementor-widget-container\">\n\t\t\t\t\t\t\t<div class=\"elementor-spacer\">\n\t\t\t<div class=\"elementor-spacer-inner\"><\/div>\n\t\t<\/div>\n\t\t\t\t\t\t<\/div>\n\t\t\t\t<\/div>\n\t\t\t\t\t<\/div>\n\t\t<\/div>\n\t\t\t\t\t<\/div>\n\t\t<\/section>\n\t\t\t\t<section class=\"elementor-section elementor-top-section elementor-element elementor-element-c00fc01 elementor-section-boxed elementor-section-height-default elementor-section-height-default\" data-id=\"c00fc01\" data-element_type=\"section\" data-e-type=\"section\">\n\t\t\t\t\t\t<div class=\"elementor-container elementor-column-gap-default\">\n\t\t\t\t\t<div class=\"elementor-column elementor-col-100 elementor-top-column elementor-element elementor-element-11901f0\" data-id=\"11901f0\" data-element_type=\"column\" data-e-type=\"column\">\n\t\t\t<div class=\"elementor-widget-wrap elementor-element-populated\">\n\t\t\t\t\t\t<div class=\"elementor-element elementor-element-d6b9e24 elementor-widget elementor-widget-spacer\" data-id=\"d6b9e24\" data-element_type=\"widget\" data-e-type=\"widget\" data-widget_type=\"spacer.default\">\n\t\t\t\t<div class=\"elementor-widget-container\">\n\t\t\t\t\t\t\t<div class=\"elementor-spacer\">\n\t\t\t<div class=\"elementor-spacer-inner\"><\/div>\n\t\t<\/div>\n\t\t\t\t\t\t<\/div>\n\t\t\t\t<\/div>\n\t\t\t\t<div class=\"elementor-element elementor-element-6767da5 elementor-widget elementor-widget-obfx-posts-grid\" data-id=\"6767da5\" data-element_type=\"widget\" data-e-type=\"widget\" data-widget_type=\"obfx-posts-grid.default\">\n\t\t\t\t<div class=\"elementor-widget-container\">\n\t\t\t\t\t<div class=\"obfx-grid\"><div class=\"obfx-grid-container obfx-grid-desktop-3\"><div class=\"obfx-grid-wrapper\"><article class=\"obfx-grid-col\"><div class=\"obfx-grid-col-image\" style=\"\"><a href=\"https:\/\/www.sonorensemble.fi\/index.php\/2023\/03\/26\/passiodraama-samaan-aikaan-toisaalla\/\" title=\"Passiodraama &#8221;Samaan aikaan toisaalla&#8221;\"><img fetchpriority=\"high\" decoding=\"async\" width=\"940\" height=\"788\" src=\"https:\/\/www.sonorensemble.fi\/wp-content\/uploads\/2023\/01\/Namnlos-design-1.jpeg\" class=\"img-responsive wp-post-image\" alt=\"Namnlo\u0308s design (1)\" srcset=\"https:\/\/www.sonorensemble.fi\/wp-content\/uploads\/2023\/01\/Namnlos-design-1.jpeg 940w, https:\/\/www.sonorensemble.fi\/wp-content\/uploads\/2023\/01\/Namnlos-design-1-300x251.jpeg 300w, https:\/\/www.sonorensemble.fi\/wp-content\/uploads\/2023\/01\/Namnlos-design-1-768x644.jpeg 768w\" sizes=\"(max-width: 940px) 100vw, 940px\" \/><\/a><\/div><div class=\"obfx-grid-col-content\">\t\t\t<h3 class=\"entry-title obfx-grid-title\">\n\t\t\t\t\t\t\t<a href=\"https:\/\/www.sonorensemble.fi\/index.php\/2023\/03\/26\/passiodraama-samaan-aikaan-toisaalla\/\" title=\"Passiodraama &#8221;Samaan aikaan toisaalla&#8221;\">\n\t\t\t\t\tPassiodraama &#8221;Samaan aikaan toisaalla&#8221;\t\t\t\t<\/a>\n\t\t\t\t\t\t\t<\/h3>\n\t\t\t\t\t\t\t<div class=\"entry-meta obfx-grid-meta\">\n\n\t\t\t\t\t\t\t\t\t\t\t\t\t<span class=\"obfx-grid-date\">\n\t\t\t\t\t\t\t\t\t<i class=\"fas fa-calendar\"><\/i>26.3.2023\t\t\t\t\t\t\t\t<\/span>\n\t\t\t\t\t\t\t\t\n\t\t\t\t<\/div>\n\t\t\t\t\t\t\t<div class=\"entry-content obfx-grid-content\">\n\t\t\t\tKamarikuoro SonorEnsemble, Kilven Kuoro ja Helsingin Laulu sek\u00e4 solistit Tuomas Lehtinen, Tommi Niskala, Tomas Takolander ja Hanna Remes esittiv\u00e4t S\u00e4de Bartlingin s\u00e4velt\u00e4m\u00e4n ja Veli-Pekka H\u00e4nnisen k\u00e4sikirjoittaman passiokertomuksen Samaan aikaan toisaalla&hellip;\t\t\t<\/div>\n\t\t\t<\/div><\/article><\/div><div class=\"obfx-grid-wrapper\"><article class=\"obfx-grid-col\"><div class=\"obfx-grid-col-image\" style=\"\"><a href=\"https:\/\/www.sonorensemble.fi\/index.php\/2022\/11\/16\/elementor-4106\/\" title=\"Kuoron 20-vuotisjuhlakonsertti Ritarihuoneella\"><img decoding=\"async\" width=\"1322\" height=\"745\" src=\"https:\/\/www.sonorensemble.fi\/wp-content\/uploads\/2022\/11\/9B9A1173-Edit_pieni_FB_tapahtuma.jpg\" class=\"img-responsive wp-post-image\" alt=\"9B9A1173-Edit_pieni_FB_tapahtuma\" srcset=\"https:\/\/www.sonorensemble.fi\/wp-content\/uploads\/2022\/11\/9B9A1173-Edit_pieni_FB_tapahtuma.jpg 1322w, https:\/\/www.sonorensemble.fi\/wp-content\/uploads\/2022\/11\/9B9A1173-Edit_pieni_FB_tapahtuma-300x169.jpg 300w, https:\/\/www.sonorensemble.fi\/wp-content\/uploads\/2022\/11\/9B9A1173-Edit_pieni_FB_tapahtuma-1024x577.jpg 1024w, https:\/\/www.sonorensemble.fi\/wp-content\/uploads\/2022\/11\/9B9A1173-Edit_pieni_FB_tapahtuma-768x433.jpg 768w\" sizes=\"(max-width: 1322px) 100vw, 1322px\" \/><\/a><\/div><div class=\"obfx-grid-col-content\">\t\t\t<h3 class=\"entry-title obfx-grid-title\">\n\t\t\t\t\t\t\t<a href=\"https:\/\/www.sonorensemble.fi\/index.php\/2022\/11\/16\/elementor-4106\/\" title=\"Kuoron 20-vuotisjuhlakonsertti Ritarihuoneella\">\n\t\t\t\t\tKuoron 20-vuotisjuhlakonsertti Ritarihuoneella\t\t\t\t<\/a>\n\t\t\t\t\t\t\t<\/h3>\n\t\t\t\t\t\t\t<div class=\"entry-meta obfx-grid-meta\">\n\n\t\t\t\t\t\t\t\t\t\t\t\t\t<span class=\"obfx-grid-date\">\n\t\t\t\t\t\t\t\t\t<i class=\"fas fa-calendar\"><\/i>16.11.2022\t\t\t\t\t\t\t\t<\/span>\n\t\t\t\t\t\t\t\t\n\t\t\t\t<\/div>\n\t\t\t\t\t\t\t<div class=\"entry-content obfx-grid-content\">\n\t\t\t\tKamarikuoro SonorEnsemblen 20-vuotisjuhlakonsertti &#8221;El\u00e4m\u00e4\u00e4 runon s\u00e4veliss\u00e4&#8221; j\u00e4rjestettiin 3.11.2022 Ritarihuoneella osana Kuoromusiikin kausikonserttien sarjaa. Lue Tove Djupsj\u00f6backan konserttiarvostelu \u201cSonorEnsemble: Kamarimusisoivaa ja kunnollista\u201d! Konsertin tallenne on katsottavissa kuukauden ajan. Kuoromusiikin kausikonsertit tarjoilevat&hellip;\t\t\t<\/div>\n\t\t\t<\/div><\/article><\/div><div class=\"obfx-grid-wrapper\"><article class=\"obfx-grid-col\"><div class=\"obfx-grid-col-image\" style=\"\"><a href=\"https:\/\/www.sonorensemble.fi\/index.php\/2022\/05\/16\/lauletaan-puhtaasti\/\" title=\"Lauletaan! Puhtaasti\"><img decoding=\"async\" width=\"500\" height=\"499\" src=\"https:\/\/www.sonorensemble.fi\/wp-content\/uploads\/2022\/05\/Leima_LP-sininen-e1679855122325.jpg\" class=\"img-responsive wp-post-image\" alt=\"Leima_LP sininen\" srcset=\"https:\/\/www.sonorensemble.fi\/wp-content\/uploads\/2022\/05\/Leima_LP-sininen-e1679855122325.jpg 500w, https:\/\/www.sonorensemble.fi\/wp-content\/uploads\/2022\/05\/Leima_LP-sininen-e1679855122325-150x150.jpg 150w, https:\/\/www.sonorensemble.fi\/wp-content\/uploads\/2022\/05\/Leima_LP-sininen-e1679855122325-300x300.jpg 300w\" sizes=\"(max-width: 500px) 100vw, 500px\" \/><\/a><\/div><div class=\"obfx-grid-col-content\">\t\t\t<h3 class=\"entry-title obfx-grid-title\">\n\t\t\t\t\t\t\t<a href=\"https:\/\/www.sonorensemble.fi\/index.php\/2022\/05\/16\/lauletaan-puhtaasti\/\" title=\"Lauletaan! Puhtaasti\">\n\t\t\t\t\tLauletaan! Puhtaasti\t\t\t\t<\/a>\n\t\t\t\t\t\t\t<\/h3>\n\t\t\t\t\t\t\t<div class=\"entry-meta obfx-grid-meta\">\n\n\t\t\t\t\t\t\t\t\t\t\t\t\t<span class=\"obfx-grid-date\">\n\t\t\t\t\t\t\t\t\t<i class=\"fas fa-calendar\"><\/i>16.5.2022\t\t\t\t\t\t\t\t<\/span>\n\t\t\t\t\t\t\t\t\n\t\t\t\t<\/div>\n\t\t\t\t\t\t\t<div class=\"entry-content obfx-grid-content\">\n\t\t\t\tHarrastamme, teemme ty\u00f6ksemme tai kuuntelemme musiikkia, koska rakastamme sit\u00e4. Kuinka usein tulemme silti ajatelleeksi, ett\u00e4 musiikkia ei ole ilman musiikintekij\u00f6it\u00e4? Jotta meill\u00e4 on musiikkia, josta v\u00e4litt\u00e4\u00e4, on v\u00e4litett\u00e4v\u00e4 my\u00f6s musiikintekij\u00f6ist\u00e4&hellip;\t\t\t<\/div>\n\t\t\t<\/div><\/article><\/div><div class=\"obfx-grid-wrapper\"><article class=\"obfx-grid-col\"><div class=\"obfx-grid-col-image\" style=\"\"><a href=\"https:\/\/www.sonorensemble.fi\/index.php\/2022\/04\/12\/requiem-for-peace\/\" title=\"Frigyes Hidasin Requiem for Peace\"><img loading=\"lazy\" decoding=\"async\" width=\"2560\" height=\"1340\" src=\"https:\/\/www.sonorensemble.fi\/wp-content\/uploads\/2022\/03\/Hidas-1200x628px-fb-tapahtumakuva-scaled.jpg\" class=\"img-responsive wp-post-image\" alt=\"Hidas 1200x628px fb-tapahtumakuva\" srcset=\"https:\/\/www.sonorensemble.fi\/wp-content\/uploads\/2022\/03\/Hidas-1200x628px-fb-tapahtumakuva-scaled.jpg 2560w, https:\/\/www.sonorensemble.fi\/wp-content\/uploads\/2022\/03\/Hidas-1200x628px-fb-tapahtumakuva-300x157.jpg 300w, https:\/\/www.sonorensemble.fi\/wp-content\/uploads\/2022\/03\/Hidas-1200x628px-fb-tapahtumakuva-1024x536.jpg 1024w, https:\/\/www.sonorensemble.fi\/wp-content\/uploads\/2022\/03\/Hidas-1200x628px-fb-tapahtumakuva-768x402.jpg 768w, https:\/\/www.sonorensemble.fi\/wp-content\/uploads\/2022\/03\/Hidas-1200x628px-fb-tapahtumakuva-1536x804.jpg 1536w, https:\/\/www.sonorensemble.fi\/wp-content\/uploads\/2022\/03\/Hidas-1200x628px-fb-tapahtumakuva-2048x1072.jpg 2048w\" sizes=\"(max-width: 2560px) 100vw, 2560px\" \/><\/a><\/div><div class=\"obfx-grid-col-content\">\t\t\t<h3 class=\"entry-title obfx-grid-title\">\n\t\t\t\t\t\t\t<a href=\"https:\/\/www.sonorensemble.fi\/index.php\/2022\/04\/12\/requiem-for-peace\/\" title=\"Frigyes Hidasin Requiem for Peace\">\n\t\t\t\t\tFrigyes Hidasin Requiem for Peace\t\t\t\t<\/a>\n\t\t\t\t\t\t\t<\/h3>\n\t\t\t\t\t\t\t<div class=\"entry-meta obfx-grid-meta\">\n\n\t\t\t\t\t\t\t\t\t\t\t\t\t<span class=\"obfx-grid-date\">\n\t\t\t\t\t\t\t\t\t<i class=\"fas fa-calendar\"><\/i>12.4.2022\t\t\t\t\t\t\t\t<\/span>\n\t\t\t\t\t\t\t\t\n\t\t\t\t<\/div>\n\t\t\t\t\t\t\t<div class=\"entry-content obfx-grid-content\">\n\t\t\t\tHelsingin poliisisoittokunta, Kilven Kuoro, Helsingin Laulu ja Kamarikuoro SonorEnsemble esittiv\u00e4t Frigyes Hidasin Rauhan Requiemin palmusunnuntaina 10.4.2022 Kallion kirkossa. Solisteina kuultiin Margit Tuokkoa, Tuula Paavolaa, Tommi Niskalaa ja Tuomas Lehtist\u00e4. Kuorojen&hellip;\t\t\t<\/div>\n\t\t\t<\/div><\/article><\/div><div class=\"obfx-grid-wrapper\"><article class=\"obfx-grid-col obfx-no-image\"><div class=\"obfx-grid-col-content\">\t\t\t<h3 class=\"entry-title obfx-grid-title\">\n\t\t\t\t\t\t\t<a href=\"https:\/\/www.sonorensemble.fi\/index.php\/2022\/04\/12\/kuoromusiikin-kausikonserttien-ensimmainen-kausiesittelee-paakaupunkiseudun-tunnettujen-kuorojenmonipuolisia-ohjelmistoja\/\" title=\"Kuoromusiikin kausikonserttien ensimm\u00e4inen kausi\">\n\t\t\t\t\tKuoromusiikin kausikonserttien ensimm\u00e4inen kausi\t\t\t\t<\/a>\n\t\t\t\t\t\t\t<\/h3>\n\t\t\t\t\t\t\t<div class=\"entry-meta obfx-grid-meta\">\n\n\t\t\t\t\t\t\t\t\t\t\t\t\t<span class=\"obfx-grid-date\">\n\t\t\t\t\t\t\t\t\t<i class=\"fas fa-calendar\"><\/i>12.4.2022\t\t\t\t\t\t\t\t<\/span>\n\t\t\t\t\t\t\t\t\n\t\t\t\t<\/div>\n\t\t\t\t\t\t\t<div class=\"entry-content obfx-grid-content\">\n\t\t\t\tTIEDOTEVAPAA JULKAISTAVAKSIKausikonserttikuorot ry11.4.2022 Kuoromusiikin kausikonserttien ensimm\u00e4inen kausi esittelee p\u00e4\u00e4kaupunkiseudun tunnettujen kuorojen monipuolisia ohjelmistoja Kuoromusiikin kausikonsertit tarjoilevat k\u00e4rkikuorojen esitt\u00e4m\u00e4n\u00e4 kuorokulttuuriamme uudella tavalla. Syyskuun 2022 alusta alkaen Helsingin keskeiset konserttipaikat t\u00e4yttyv\u00e4t monipuolisesta&hellip;\t\t\t<\/div>\n\t\t\t<\/div><\/article><\/div><div class=\"obfx-grid-wrapper\"><article class=\"obfx-grid-col obfx-no-image\"><div class=\"obfx-grid-col-content\">\t\t\t<h3 class=\"entry-title obfx-grid-title\">\n\t\t\t\t\t\t\t<a href=\"https:\/\/www.sonorensemble.fi\/index.php\/2021\/02\/05\/elementor-1625\/\" title=\"Hanna Remeksen v\u00e4it\u00f6stilaisuus 20.2.2021 klo 12\">\n\t\t\t\t\tHanna Remeksen v\u00e4it\u00f6stilaisuus 20.2.2021 klo 12\t\t\t\t<\/a>\n\t\t\t\t\t\t\t<\/h3>\n\t\t\t\t\t\t\t<div class=\"entry-meta obfx-grid-meta\">\n\n\t\t\t\t\t\t\t\t\t\t\t\t\t<span class=\"obfx-grid-date\">\n\t\t\t\t\t\t\t\t\t<i class=\"fas fa-calendar\"><\/i>5.2.2021\t\t\t\t\t\t\t\t<\/span>\n\t\t\t\t\t\t\t\t\n\t\t\t\t<\/div>\n\t\t\t\t\t\t\t<div class=\"entry-content obfx-grid-content\">\n\t\t\t\tKuoronjohtajamme MuM Hanna Remeksen tohtorintutkinnon tarkastustilaisuus (Sibelius-Akatemia, Taideyliopisto) pidet\u00e4\u00e4n 20.2.2021 klo 12. Taiteellisen kokonaisuuden \u201dS\u00e4velet tekev\u00e4t tekstin el\u00e4v\u00e4ksi\u201d: Paaston ja p\u00e4\u00e4si\u00e4isajan liturginen kuoromusiikki sanoman kannattelijana musiikkiosuus on koostettu pandemiatilanteen vuoksi&hellip;\t\t\t<\/div>\n\t\t\t<\/div><\/article><\/div><div class=\"obfx-grid-wrapper\"><article class=\"obfx-grid-col obfx-no-image\"><div class=\"obfx-grid-col-content\">\t\t\t<h3 class=\"entry-title obfx-grid-title\">\n\t\t\t\t\t\t\t<a href=\"https:\/\/www.sonorensemble.fi\/index.php\/2020\/11\/22\/joulukonsertti-striimataan-ilman-yleisoa\/\" title=\"Joulukonsertti 2020 striimataan ilman yleis\u00f6\u00e4\">\n\t\t\t\t\tJoulukonsertti 2020 striimataan ilman yleis\u00f6\u00e4\t\t\t\t<\/a>\n\t\t\t\t\t\t\t<\/h3>\n\t\t\t\t\t\t\t<div class=\"entry-meta obfx-grid-meta\">\n\n\t\t\t\t\t\t\t\t\t\t\t\t\t<span class=\"obfx-grid-date\">\n\t\t\t\t\t\t\t\t\t<i class=\"fas fa-calendar\"><\/i>22.11.2020\t\t\t\t\t\t\t\t<\/span>\n\t\t\t\t\t\t\t\t\n\t\t\t\t<\/div>\n\t\t\t\t\t\t\t<div class=\"entry-content obfx-grid-content\">\n\t\t\t\tKoronapandemiasta johtuen t\u00e4m\u00e4n vuoden joulukonsertti striimataan Paavalinkirkosta ilman yleis\u00f6\u00e4. Striimilinkki ja k\u00e4siohjelma 15 euroa, tallennetta on mahdollista katsella seitsem\u00e4n p\u00e4iv\u00e4n ajan! Tilaa konserttipakettisi kuorolaisilta, osoitteesta sonorensemble@gmail.com tai t\u00e4st\u00e4 linkist\u00e4 https:\/\/forms.gle\/C5eBj6s9A4TNvM2x7\t\t\t<\/div>\n\t\t\t<\/div><\/article><\/div><div class=\"obfx-grid-wrapper\"><article class=\"obfx-grid-col\"><div class=\"obfx-grid-col-image\" style=\"\"><a href=\"https:\/\/www.sonorensemble.fi\/index.php\/2019\/10\/22\/uusia-mestarimerkkilaulajia\/\" title=\"Uusia mestarimerkkej\u00e4\"><img loading=\"lazy\" decoding=\"async\" width=\"960\" height=\"766\" src=\"https:\/\/www.sonorensemble.fi\/wp-content\/uploads\/2019\/10\/Mestarimerkit-2019-10.jpg\" class=\"img-responsive wp-post-image\" alt=\"Mestarimerkit 2019-10\" srcset=\"https:\/\/www.sonorensemble.fi\/wp-content\/uploads\/2019\/10\/Mestarimerkit-2019-10.jpg 960w, https:\/\/www.sonorensemble.fi\/wp-content\/uploads\/2019\/10\/Mestarimerkit-2019-10-300x239.jpg 300w, https:\/\/www.sonorensemble.fi\/wp-content\/uploads\/2019\/10\/Mestarimerkit-2019-10-768x613.jpg 768w\" sizes=\"(max-width: 960px) 100vw, 960px\" \/><\/a><\/div><div class=\"obfx-grid-col-content\">\t\t\t<h3 class=\"entry-title obfx-grid-title\">\n\t\t\t\t\t\t\t<a href=\"https:\/\/www.sonorensemble.fi\/index.php\/2019\/10\/22\/uusia-mestarimerkkilaulajia\/\" title=\"Uusia mestarimerkkej\u00e4\">\n\t\t\t\t\tUusia mestarimerkkej\u00e4\t\t\t\t<\/a>\n\t\t\t\t\t\t\t<\/h3>\n\t\t\t\t\t\t\t<div class=\"entry-meta obfx-grid-meta\">\n\n\t\t\t\t\t\t\t\t\t\t\t\t\t<span class=\"obfx-grid-date\">\n\t\t\t\t\t\t\t\t\t<i class=\"fas fa-calendar\"><\/i>22.10.2019\t\t\t\t\t\t\t\t<\/span>\n\t\t\t\t\t\t\t\t\n\t\t\t\t<\/div>\n\t\t\t\t\t\t\t<div class=\"entry-content obfx-grid-content\">\n\t\t\t\tKolme kuoromme laulajaa konsertoi Olaus Petrin kirkossa Helsingiss\u00e4 esiintyneess\u00e4 mestarimerkkej\u00e4 tavoittelevassa ryhm\u00e4ss\u00e4. Onnistuneen konsertin j\u00e4lkeen Katille, Titalle ja Petelle my\u00f6nnettiin mestarimerkit!\t\t\t<\/div>\n\t\t\t<\/div><\/article><\/div><\/div><!-- .obfx-grid-container --><\/div><!-- .obfx-grid -->\t\t\t\t<\/div>\n\t\t\t\t<\/div>\n\t\t\t\t\t<\/div>\n\t\t<\/div>\n\t\t\t\t\t<\/div>\n\t\t<\/section>\n\t\t\t\t<section class=\"elementor-section elementor-top-section elementor-element elementor-element-ace7823 elementor-section-height-min-height elementor-section-boxed elementor-section-height-default elementor-section-items-middle\" data-id=\"ace7823\" data-element_type=\"section\" data-e-type=\"section\" data-settings=\"{&quot;background_background&quot;:&quot;classic&quot;}\">\n\t\t\t\t\t\t<div class=\"elementor-container elementor-column-gap-default\">\n\t\t\t\t\t<div class=\"elementor-column elementor-col-100 elementor-top-column elementor-element elementor-element-e78a20b\" data-id=\"e78a20b\" data-element_type=\"column\" data-e-type=\"column\">\n\t\t\t<div class=\"elementor-widget-wrap elementor-element-populated\">\n\t\t\t\t\t\t\t<\/div>\n\t\t<\/div>\n\t\t\t\t\t<\/div>\n\t\t<\/section>\n\t\t\t\t<\/div>\n\t\t","protected":false},"excerpt":{"rendered":"<p>Uutisia Uusia mestarimerkkej\u00e4 22.10.2019 Kolme kuoromme laulajaa konsertoi Olaus Petrin kirkossa Helsingiss\u00e4 esiintyneess\u00e4 mestarimerkkej\u00e4 tavoittelevassa ryhm\u00e4ss\u00e4. Onnistuneen konsertin j\u00e4lkeen Katille, Titalle ja Petelle my\u00f6nnettiin mestarimerkit! Lue lis\u00e4\u00e4 Varaa nyt liput Seimell\u00e4-joulukonserttiin! 21.10.2019 Keskiviikkona 11.12.2019 kello 19 Paavalinkirkko, Sammatintie 5, Helsinki Lue lis\u00e4\u00e4 Lippuja! 26.9.2019 Nyt niit\u00e4 saa! Nimitt\u00e4in lippuja SonorEnsemblen Seimell\u00e4-joulukonserttiin! Laulamme t\u00e4m\u00e4n tunnelmallisen konsertin&hellip;&nbsp;<a href=\"https:\/\/www.sonorensemble.fi\/index.php\/2019\/10\/22\/uusia-mestarimerkkilaulajia\/\" rel=\"bookmark\">Lue lis\u00e4\u00e4 &raquo;<span class=\"screen-reader-text\">Uusia mestarimerkkej\u00e4<\/span><\/a><\/p>\n","protected":false},"author":1,"featured_media":0,"parent":0,"menu_order":0,"comment_status":"closed","ping_status":"closed","template":"page-templates\/template-pagebuilder-full-width.php","meta":{"neve_meta_sidebar":"default","neve_meta_container":"default","neve_meta_enable_content_width":"on","neve_meta_content_width":100,"neve_meta_title_alignment":"","neve_meta_author_avatar":"","neve_post_elements_order":"","neve_meta_disable_header":"off","neve_meta_disable_footer":"off","neve_meta_disable_title":"off","footnotes":""},"class_list":["post-251","page","type-page","status-publish","hentry"],"_links":{"self":[{"href":"https:\/\/www.sonorensemble.fi\/index.php\/wp-json\/wp\/v2\/pages\/251","targetHints":{"allow":["GET"]}}],"collection":[{"href":"https:\/\/www.sonorensemble.fi\/index.php\/wp-json\/wp\/v2\/pages"}],"about":[{"href":"https:\/\/www.sonorensemble.fi\/index.php\/wp-json\/wp\/v2\/types\/page"}],"author":[{"embeddable":true,"href":"https:\/\/www.sonorensemble.fi\/index.php\/wp-json\/wp\/v2\/users\/1"}],"replies":[{"embeddable":true,"href":"https:\/\/www.sonorensemble.fi\/index.php\/wp-json\/wp\/v2\/comments?post=251"}],"version-history":[{"count":25,"href":"https:\/\/www.sonorensemble.fi\/index.php\/wp-json\/wp\/v2\/pages\/251\/revisions"}],"predecessor-version":[{"id":815,"href":"https:\/\/www.sonorensemble.fi\/index.php\/wp-json\/wp\/v2\/pages\/251\/revisions\/815"}],"wp:attachment":[{"href":"https:\/\/www.sonorensemble.fi\/index.php\/wp-json\/wp\/v2\/media?parent=251"}],"curies":[{"name":"wp","href":"https:\/\/api.w.org\/{rel}","templated":true}]}}